{"id":1413,"date":"2018-07-24T15:58:17","date_gmt":"2018-07-24T13:58:17","guid":{"rendered":"http:\/\/www.jctardivo.com\/galerie\/?page_id=1413"},"modified":"2018-07-25T12:17:59","modified_gmt":"2018-07-25T10:17:59","slug":"jean-claude-tardivo","status":"publish","type":"page","link":"http:\/\/www.jctardivo.com\/galerie\/jean-claude-tardivo\/","title":{"rendered":"Jean-Claude TARDIVO"},"content":{"rendered":"<p>Notre enfance nous suit comme une douce lumi\u00e8re.<br \/>\nElle reste l\u2019espace o\u00f9 sans cesse nous pouvons<br \/>\nnous ressourcer.<br \/>\nMa d\u00e9marche pour les COUSINS DE BONHOMME<br \/>\nT\u00caTARD n\u2019est pas la nostalgie de l\u2019enfance.<br \/>\nCe qui m\u2019anime, apr\u00e8s de nombreuses exp\u00e9riences qui<br \/>\nm\u2019ont permis d\u2019identifier l\u2019inn\u00e9 de mon expression, c\u2019est<br \/>\nde red\u00e9couvrir l\u2019origine de ce don. Son \u00e9tymologie<br \/>\nprimaire. La phase bonhomme t\u00eatard : une r\u00e9surgence de<br \/>\nnos premi\u00e8res ann\u00e9es.<br \/>\nLa gen\u00e8se de notre histoire commence l\u00e0, en ce lieu<br \/>\ninitial, en cette m\u00e9moire fondamentale.<br \/>\nCe lieu o\u00f9 l\u2019on prend conscience de son \u00eatre et son<br \/>\nespace, o\u00f9 notre \u00e9nergie pulsionnelle lib\u00e8re un geste<br \/>\noriginel, et o\u00f9, pour notre bonheur, nous sommes encore<br \/>\n\u00e9pargn\u00e9s du \u00ab pr\u00e9tendu savoir \u00bb de l\u2019adulte.<br \/>\nCe lieu unique et universel o\u00f9 tout espoir semble<br \/>\npossible, imaginable dans l\u2019aventure d\u2019EXISTER.<br \/>\nVoil\u00e0 pourquoi, chaque fois que j\u2019ai l\u2019impression d\u2019avoir<br \/>\nexplor\u00e9 un territoire, je retourne l\u00e0, en ce lieu, pour recommencer.<\/p>\n<p>Tardivo<\/p>\n<p><em>\u00ab Il faut longtemps avant de devenir jeune Picasso \u00bb<\/em><\/p>\n","protected":false},"excerpt":{"rendered":"<p>Notre enfance nous suit comme une douce lumi\u00e8re. Elle reste l\u2019espace o\u00f9 sans cesse nous pouvons nous ressourcer. Ma d\u00e9marche pour les COUSINS DE BONHOMME T\u00caTARD n\u2019est pas la nostalgie de l\u2019enfance. Ce qui m\u2019anime, apr\u00e8s de nombreuses exp\u00e9riences qui m\u2019ont permis d\u2019identifier l\u2019inn\u00e9 de mon expression, c\u2019est de red\u00e9couvrir l\u2019origine de ce don. Son [&hellip;]<\/p>\n","protected":false},"author":1,"featured_media":0,"parent":0,"menu_order":0,"comment_status":"closed","ping_status":"closed","template":"","meta":{"_monsterinsights_skip_tracking":false,"_monsterinsights_sitenote_active":false,"_monsterinsights_sitenote_note":"","_monsterinsights_sitenote_category":0,"footnotes":""},"class_list":["post-1413","page","type-page","status-publish","hentry"],"_links":{"self":[{"href":"http:\/\/www.jctardivo.com\/galerie\/wp-json\/wp\/v2\/pages\/1413","targetHints":{"allow":["GET"]}}],"collection":[{"href":"http:\/\/www.jctardivo.com\/galerie\/wp-json\/wp\/v2\/pages"}],"about":[{"href":"http:\/\/www.jctardivo.com\/galerie\/wp-json\/wp\/v2\/types\/page"}],"author":[{"embeddable":true,"href":"http:\/\/www.jctardivo.com\/galerie\/wp-json\/wp\/v2\/users\/1"}],"replies":[{"embeddable":true,"href":"http:\/\/www.jctardivo.com\/galerie\/wp-json\/wp\/v2\/comments?post=1413"}],"version-history":[{"count":2,"href":"http:\/\/www.jctardivo.com\/galerie\/wp-json\/wp\/v2\/pages\/1413\/revisions"}],"predecessor-version":[{"id":1423,"href":"http:\/\/www.jctardivo.com\/galerie\/wp-json\/wp\/v2\/pages\/1413\/revisions\/1423"}],"wp:attachment":[{"href":"http:\/\/www.jctardivo.com\/galerie\/wp-json\/wp\/v2\/media?parent=1413"}],"curies":[{"name":"wp","href":"https:\/\/api.w.org\/{rel}","templated":true}]}}